{"id":20,"date":"2025-09-17T14:30:10","date_gmt":"2025-09-17T12:30:10","guid":{"rendered":"https:\/\/recrutesp.app\/index.php\/mentions-legales\/"},"modified":"2025-09-17T14:30:12","modified_gmt":"2025-09-17T12:30:12","slug":"mentions-legales","status":"publish","type":"page","link":"https:\/\/recrutesp.app\/index.php\/mentions-legales\/","title":{"rendered":"Mentions l\u00e9gales"},"content":{"rendered":"\t\t<div data-elementor-type=\"wp-page\" data-elementor-id=\"20\" class=\"elementor elementor-20\" data-elementor-post-type=\"page\">\n\t\t\t\t<div class=\"elementor-element elementor-element-228f61fb e-flex e-con-boxed e-con e-parent\" data-id=\"228f61fb\" data-element_type=\"container\">\n\t\t\t\t\t<div class=\"e-con-inner\">\n\t\t\t\t<div class=\"elementor-element elementor-element-34464aab elementor-tablet-position-left elementor-mobile-position-left elementor-hidden-desktop elementor-view-default elementor-position-top elementor-widget elementor-widget-icon-box\" data-id=\"34464aab\" data-element_type=\"widget\" data-widget_type=\"icon-box.default\">\n\t\t\t\t\t\t\t<div class=\"elementor-icon-box-wrapper\">\n\n\t\t\t\t\t\t<div class=\"elementor-icon-box-icon\">\n\t\t\t\t<a href=\"https:\/\/recrutesp.local\/\" class=\"elementor-icon\" tabindex=\"-1\" aria-label=\"Retour\">\n\t\t\t\t<svg aria-hidden=\"true\" class=\"e-font-icon-svg e-fas-arrow-circle-left\" viewBox=\"0 0 512 512\" xmlns=\"http:\/\/www.w3.org\/2000\/svg\"><path d=\"M256 504C119 504 8 393 8 256S119 8 256 8s248 111 248 248-111 248-248 248zm28.9-143.6L209.4 288H392c13.3 0 24-10.7 24-24v-16c0-13.3-10.7-24-24-24H209.4l75.5-72.4c9.7-9.3 9.9-24.8.4-34.3l-11-10.9c-9.4-9.4-24.6-9.4-33.9 0L107.7 239c-9.4 9.4-9.4 24.6 0 33.9l132.7 132.7c9.4 9.4 24.6 9.4 33.9 0l11-10.9c9.5-9.5 9.3-25-.4-34.3z\"><\/path><\/svg>\t\t\t\t<\/a>\n\t\t\t<\/div>\n\t\t\t\n\t\t\t\t\t\t<div class=\"elementor-icon-box-content\">\n\n\t\t\t\t\t\t\t\t\t<h3 class=\"elementor-icon-box-title\">\n\t\t\t\t\t\t<a href=\"https:\/\/recrutesp.local\/\" >\n\t\t\t\t\t\t\tRetour\t\t\t\t\t\t<\/a>\n\t\t\t\t\t<\/h3>\n\t\t\t\t\n\t\t\t\t\n\t\t\t<\/div>\n\t\t\t\n\t\t<\/div>\n\t\t\t\t\t\t<\/div>\n\t\t\t\t<div class=\"elementor-element elementor-element-5defa3e2 elementor-widget elementor-widget-heading\" data-id=\"5defa3e2\" data-element_type=\"widget\" data-widget_type=\"heading.default\">\n\t\t\t\t\t<h1 class=\"elementor-heading-title elementor-size-default\">Mentions l\u00e9gales<\/h1>\t\t\t\t<\/div>\n\t\t\t\t<div class=\"elementor-element elementor-element-6a608d03 elementor-widget elementor-widget-text-editor\" data-id=\"6a608d03\" data-element_type=\"widget\" data-widget_type=\"text-editor.default\">\n\t\t\t\t\t\t\t\t\t<p>En vigueur au 17\/09\/2025<\/p><p>Conform\u00e9ment aux dispositions des Articles 6-III et 19 de la Loi n\u00b02004-575 du 21 juin 2004 pour la Confiance dans l\u2019\u00e9conomie num\u00e9rique, dite L.C.E.N., il est port\u00e9 \u00e0 la connaissance des utilisateurs et<br \/>visiteurs, ci-apr\u00e8s l\u00a0\u00bbUtilisateur\u00a0\u00bb, du site recrutesp.app , ci-apr\u00e8s le \u00ab\u00a0Site\u00a0\u00bb, les pr\u00e9sentes mentions l\u00e9gales.<\/p><p>La connexion et la navigation sur le Site par l\u2019Utilisateur implique acceptation int\u00e9grale et sans r\u00e9serve des pr\u00e9sentes mentions l\u00e9gales.<br \/>Ces derni\u00e8res sont accessibles sur le Site \u00e0 la rubrique \u00ab Mentions l\u00e9gales \u00bb.<\/p><h3>ARTICLE 1 &#8211; L&rsquo;EDITEUR<\/h3><p>L&rsquo;\u00e9dition du Site est assur\u00e9e par Enyoko SAS au capital de 5000 euros, immatricul\u00e9e au Registre du Commerce et des Soci\u00e9t\u00e9s de Auch sous le num\u00e9ro 883296063 dont le si\u00e8ge social est situ\u00e9 au 13 rue de la r\u00e9oule\u00a032500 Fleurance,<br \/>N\u00b0 de TVA intracommunautaire : FR06883296063<br \/>Le Directeur de la publication est Guillaume Parache<br \/>ci-apr\u00e8s l'\u00a0\u00bbEditeur\u00a0\u00bb.<\/p><h3>ARTICLE 2 &#8211; L&rsquo;HEBERGEUR<\/h3><p>L&rsquo;h\u00e9bergeur du Site est la soci\u00e9t\u00e9 OVH, dont le si\u00e8ge social est situ\u00e9 au 4 RUE GAMBETTA, 57000 METZ France<\/p><h3>ARTICLE 3 &#8211; ACCES AU SITE<\/h3><p>Le Site est accessible en tout endroit, 7j\/7, 24h\/24 sauf cas de force majeure, interruption programm\u00e9e ou non et pouvant d\u00e9coulant d\u2019une n\u00e9cessit\u00e9 de maintenance.<br \/>En cas de modification, interruption ou suspension du Site, l&rsquo;Editeur ne saurait \u00eatre tenu responsable.<\/p><h3>ARTICLE 4 &#8211; COLLECTE DES DONNEES<\/h3><p>Le Site assure \u00e0 l&rsquo;Utilisateur une collecte et un traitement d&rsquo;informations personnelles dans le respect de la vie priv\u00e9e conform\u00e9ment \u00e0 la loi n\u00b078-17 du 6 janvier 1978 relative \u00e0 l&rsquo;informatique, aux fichiers<br \/>et aux libert\u00e9s.<\/p><p>En vertu de la loi Informatique et Libert\u00e9s, en date du 6 janvier 1978, l&rsquo;Utilisateur dispose d&rsquo;un droit d&rsquo;acc\u00e8s, de rectification, de suppression et d&rsquo;opposition de ses donn\u00e9es personnelles. L&rsquo;Utilisateur exerce ce droit : par mail.<\/p><p>Toute utilisation, reproduction, diffusion, commercialisation, modification de toute ou partie du Site, sans autorisation de l\u2019Editeur est prohib\u00e9e et pourra entra\u00een\u00e9e des actions et poursuites judiciaires telles que notamment pr\u00e9vues par le Code de la propri\u00e9t\u00e9 intellectuelle et le Code civil.<\/p>\t\t\t\t\t\t\t\t<\/div>\n\t\t\t\t\t<\/div>\n\t\t\t\t<\/div>\n\t\t\t\t<\/div>\n\t\t","protected":false},"excerpt":{"rendered":"<p>Retour Mentions l\u00e9gales En vigueur au 17\/09\/2025 Conform\u00e9ment aux dispositions des Articles 6-III et 19 de la Loi n\u00b02004-575 du 21 juin 2004 pour la Confiance dans l\u2019\u00e9conomie num\u00e9rique, dite L.C.E.N., il est port\u00e9 \u00e0 la connaissance des utilisateurs etvisiteurs, ci-apr\u00e8s l\u00a0\u00bbUtilisateur\u00a0\u00bb, du site recrutesp.app , ci-apr\u00e8s le \u00ab\u00a0Site\u00a0\u00bb, les pr\u00e9sentes mentions l\u00e9gales. La connexion [&hellip;]<\/p>\n","protected":false},"author":1,"featured_media":0,"parent":0,"menu_order":0,"comment_status":"closed","ping_status":"closed","template":"","meta":{"footnotes":""},"class_list":["post-20","page","type-page","status-publish","hentry"],"yoast_head":"<!-- This site is optimized with the Yoast SEO plugin v26.0 - https:\/\/yoast.com\/wordpress\/plugins\/seo\/ -->\n<title>Mentions l\u00e9gales - Recrute.sp | Recrutement d\u00e9materialis\u00e9 des sapeurs pompiers volontaires<\/title>\n<meta name=\"robots\" content=\"index, follow, max-snippet:-1, max-image-preview:large, max-video-preview:-1\" \/>\n<link rel=\"canonical\" href=\"https:\/\/recrutesp.app\/index.php\/mentions-legales\/\" \/>\n<meta property=\"og:locale\" content=\"fr_FR\" \/>\n<meta property=\"og:type\" content=\"article\" \/>\n<meta property=\"og:title\" content=\"Mentions l\u00e9gales - Recrute.sp | Recrutement d\u00e9materialis\u00e9 des sapeurs pompiers volontaires\" \/>\n<meta property=\"og:description\" content=\"Retour Mentions l\u00e9gales En vigueur au 17\/09\/2025 Conform\u00e9ment aux dispositions des Articles 6-III et 19 de la Loi n\u00b02004-575 du 21 juin 2004 pour la Confiance dans l\u2019\u00e9conomie num\u00e9rique, dite L.C.E.N., il est port\u00e9 \u00e0 la connaissance des utilisateurs etvisiteurs, ci-apr\u00e8s l\u00a0\u00bbUtilisateur\u00a0\u00bb, du site recrutesp.app , ci-apr\u00e8s le \u00ab\u00a0Site\u00a0\u00bb, les pr\u00e9sentes mentions l\u00e9gales. La connexion [&hellip;]\" \/>\n<meta property=\"og:url\" content=\"https:\/\/recrutesp.app\/index.php\/mentions-legales\/\" \/>\n<meta property=\"og:site_name\" content=\"Recrute.sp | Recrutement d\u00e9materialis\u00e9 des sapeurs pompiers volontaires\" \/>\n<meta property=\"article:modified_time\" content=\"2025-09-17T12:30:12+00:00\" \/>\n<meta property=\"og:image\" content=\"https:\/\/recrutesp.app\/wp-content\/uploads\/2025\/10\/opengraph.png\" \/>\n\t<meta property=\"og:image:width\" content=\"1200\" \/>\n\t<meta property=\"og:image:height\" content=\"675\" \/>\n\t<meta property=\"og:image:type\" content=\"image\/png\" \/>\n<meta name=\"twitter:card\" content=\"summary_large_image\" \/>\n<meta name=\"twitter:label1\" content=\"Dur\u00e9e de lecture estim\u00e9e\" \/>\n\t<meta name=\"twitter:data1\" content=\"2 minutes\" \/>\n<script type=\"application\/ld+json\" class=\"yoast-schema-graph\">{\"@context\":\"https:\/\/schema.org\",\"@graph\":[{\"@type\":\"WebPage\",\"@id\":\"https:\/\/recrutesp.app\/index.php\/mentions-legales\/\",\"url\":\"https:\/\/recrutesp.app\/index.php\/mentions-legales\/\",\"name\":\"Mentions l\u00e9gales - Recrute.sp | Recrutement d\u00e9materialis\u00e9 des sapeurs pompiers volontaires\",\"isPartOf\":{\"@id\":\"https:\/\/recrutesp.app\/#website\"},\"datePublished\":\"2025-09-17T12:30:10+00:00\",\"dateModified\":\"2025-09-17T12:30:12+00:00\",\"breadcrumb\":{\"@id\":\"https:\/\/recrutesp.app\/index.php\/mentions-legales\/#breadcrumb\"},\"inLanguage\":\"fr-FR\",\"potentialAction\":[{\"@type\":\"ReadAction\",\"target\":[\"https:\/\/recrutesp.app\/index.php\/mentions-legales\/\"]}]},{\"@type\":\"BreadcrumbList\",\"@id\":\"https:\/\/recrutesp.app\/index.php\/mentions-legales\/#breadcrumb\",\"itemListElement\":[{\"@type\":\"ListItem\",\"position\":1,\"name\":\"Accueil\",\"item\":\"https:\/\/recrutesp.app\/\"},{\"@type\":\"ListItem\",\"position\":2,\"name\":\"Mentions l\u00e9gales\"}]},{\"@type\":\"WebSite\",\"@id\":\"https:\/\/recrutesp.app\/#website\",\"url\":\"https:\/\/recrutesp.app\/\",\"name\":\"Recrute.sp | Recrutement d\u00e9materialis\u00e9 des sapeurs pompiers volontaires\",\"description\":\"\",\"publisher\":{\"@id\":\"https:\/\/recrutesp.app\/#organization\"},\"potentialAction\":[{\"@type\":\"SearchAction\",\"target\":{\"@type\":\"EntryPoint\",\"urlTemplate\":\"https:\/\/recrutesp.app\/?s={search_term_string}\"},\"query-input\":{\"@type\":\"PropertyValueSpecification\",\"valueRequired\":true,\"valueName\":\"search_term_string\"}}],\"inLanguage\":\"fr-FR\"},{\"@type\":\"Organization\",\"@id\":\"https:\/\/recrutesp.app\/#organization\",\"name\":\"Recrute.sp | Recrutement d\u00e9materialis\u00e9 des sapeurs pompiers volontaires\",\"url\":\"https:\/\/recrutesp.app\/\",\"logo\":{\"@type\":\"ImageObject\",\"inLanguage\":\"fr-FR\",\"@id\":\"https:\/\/recrutesp.app\/#\/schema\/logo\/image\/\",\"url\":\"https:\/\/recrutesp.app\/wp-content\/uploads\/2025\/01\/logo-header.png\",\"contentUrl\":\"https:\/\/recrutesp.app\/wp-content\/uploads\/2025\/01\/logo-header.png\",\"width\":474,\"height\":98,\"caption\":\"Recrute.sp | Recrutement d\u00e9materialis\u00e9 des sapeurs pompiers volontaires\"},\"image\":{\"@id\":\"https:\/\/recrutesp.app\/#\/schema\/logo\/image\/\"}}]}<\/script>\n<!-- \/ Yoast SEO plugin. -->","yoast_head_json":{"title":"Mentions l\u00e9gales - Recrute.sp | Recrutement d\u00e9materialis\u00e9 des sapeurs pompiers volontaires","robots":{"index":"index","follow":"follow","max-snippet":"max-snippet:-1","max-image-preview":"max-image-preview:large","max-video-preview":"max-video-preview:-1"},"canonical":"https:\/\/recrutesp.app\/index.php\/mentions-legales\/","og_locale":"fr_FR","og_type":"article","og_title":"Mentions l\u00e9gales - Recrute.sp | Recrutement d\u00e9materialis\u00e9 des sapeurs pompiers volontaires","og_description":"Retour Mentions l\u00e9gales En vigueur au 17\/09\/2025 Conform\u00e9ment aux dispositions des Articles 6-III et 19 de la Loi n\u00b02004-575 du 21 juin 2004 pour la Confiance dans l\u2019\u00e9conomie num\u00e9rique, dite L.C.E.N., il est port\u00e9 \u00e0 la connaissance des utilisateurs etvisiteurs, ci-apr\u00e8s l\u00a0\u00bbUtilisateur\u00a0\u00bb, du site recrutesp.app , ci-apr\u00e8s le \u00ab\u00a0Site\u00a0\u00bb, les pr\u00e9sentes mentions l\u00e9gales. La connexion [&hellip;]","og_url":"https:\/\/recrutesp.app\/index.php\/mentions-legales\/","og_site_name":"Recrute.sp | Recrutement d\u00e9materialis\u00e9 des sapeurs pompiers volontaires","article_modified_time":"2025-09-17T12:30:12+00:00","og_image":[{"width":1200,"height":675,"url":"https:\/\/recrutesp.app\/wp-content\/uploads\/2025\/10\/opengraph.png","type":"image\/png"}],"twitter_card":"summary_large_image","twitter_misc":{"Dur\u00e9e de lecture estim\u00e9e":"2 minutes"},"schema":{"@context":"https:\/\/schema.org","@graph":[{"@type":"WebPage","@id":"https:\/\/recrutesp.app\/index.php\/mentions-legales\/","url":"https:\/\/recrutesp.app\/index.php\/mentions-legales\/","name":"Mentions l\u00e9gales - Recrute.sp | Recrutement d\u00e9materialis\u00e9 des sapeurs pompiers volontaires","isPartOf":{"@id":"https:\/\/recrutesp.app\/#website"},"datePublished":"2025-09-17T12:30:10+00:00","dateModified":"2025-09-17T12:30:12+00:00","breadcrumb":{"@id":"https:\/\/recrutesp.app\/index.php\/mentions-legales\/#breadcrumb"},"inLanguage":"fr-FR","potentialAction":[{"@type":"ReadAction","target":["https:\/\/recrutesp.app\/index.php\/mentions-legales\/"]}]},{"@type":"BreadcrumbList","@id":"https:\/\/recrutesp.app\/index.php\/mentions-legales\/#breadcrumb","itemListElement":[{"@type":"ListItem","position":1,"name":"Accueil","item":"https:\/\/recrutesp.app\/"},{"@type":"ListItem","position":2,"name":"Mentions l\u00e9gales"}]},{"@type":"WebSite","@id":"https:\/\/recrutesp.app\/#website","url":"https:\/\/recrutesp.app\/","name":"Recrute.sp | Recrutement d\u00e9materialis\u00e9 des sapeurs pompiers volontaires","description":"","publisher":{"@id":"https:\/\/recrutesp.app\/#organization"},"potentialAction":[{"@type":"SearchAction","target":{"@type":"EntryPoint","urlTemplate":"https:\/\/recrutesp.app\/?s={search_term_string}"},"query-input":{"@type":"PropertyValueSpecification","valueRequired":true,"valueName":"search_term_string"}}],"inLanguage":"fr-FR"},{"@type":"Organization","@id":"https:\/\/recrutesp.app\/#organization","name":"Recrute.sp | Recrutement d\u00e9materialis\u00e9 des sapeurs pompiers volontaires","url":"https:\/\/recrutesp.app\/","logo":{"@type":"ImageObject","inLanguage":"fr-FR","@id":"https:\/\/recrutesp.app\/#\/schema\/logo\/image\/","url":"https:\/\/recrutesp.app\/wp-content\/uploads\/2025\/01\/logo-header.png","contentUrl":"https:\/\/recrutesp.app\/wp-content\/uploads\/2025\/01\/logo-header.png","width":474,"height":98,"caption":"Recrute.sp | Recrutement d\u00e9materialis\u00e9 des sapeurs pompiers volontaires"},"image":{"@id":"https:\/\/recrutesp.app\/#\/schema\/logo\/image\/"}}]}},"_links":{"self":[{"href":"https:\/\/recrutesp.app\/index.php\/wp-json\/wp\/v2\/pages\/20","targetHints":{"allow":["GET"]}}],"collection":[{"href":"https:\/\/recrutesp.app\/index.php\/wp-json\/wp\/v2\/pages"}],"about":[{"href":"https:\/\/recrutesp.app\/index.php\/wp-json\/wp\/v2\/types\/page"}],"author":[{"embeddable":true,"href":"https:\/\/recrutesp.app\/index.php\/wp-json\/wp\/v2\/users\/1"}],"replies":[{"embeddable":true,"href":"https:\/\/recrutesp.app\/index.php\/wp-json\/wp\/v2\/comments?post=20"}],"version-history":[{"count":4,"href":"https:\/\/recrutesp.app\/index.php\/wp-json\/wp\/v2\/pages\/20\/revisions"}],"predecessor-version":[{"id":32,"href":"https:\/\/recrutesp.app\/index.php\/wp-json\/wp\/v2\/pages\/20\/revisions\/32"}],"wp:attachment":[{"href":"https:\/\/recrutesp.app\/index.php\/wp-json\/wp\/v2\/media?parent=20"}],"curies":[{"name":"wp","href":"https:\/\/api.w.org\/{rel}","templated":true}]}}